{"id":125,"date":"2024-11-29T12:28:08","date_gmt":"2024-11-29T12:28:08","guid":{"rendered":"https:\/\/mensagensdobem.com.br\/?page_id=125"},"modified":"2024-11-29T12:28:09","modified_gmt":"2024-11-29T12:28:09","slug":"terms","status":"publish","type":"page","link":"https:\/\/mensagensdobem.com.br\/fr\/terms\/","title":{"rendered":"Conditions d&#039;utilisation \u2013 Messages de bien"},"content":{"rendered":"<div class=\"mx-5 sm:mx-0 prose leading-relaxed text-lg mb-5 text-left wp-paragraph\">\n<p>Mis \u00e0 jour le 29 novembre 2024.<\/p>\n<\/div><div class=\"mx-5 sm:mx-0 prose leading-relaxed text-lg mb-5 text-left wp-paragraph\">\n<p>Mensagens do Bem est l&#039;entit\u00e9 gestionnaire de son propre site Web, accessible via le lien <a style=\" color:;\" href=\"https:\/\/mensagensdobem.com.br\/fr\/\">https:\/\/mensagensdobem.com.br<\/a>. Lorsque nous disons \u00ab nous \u00bb ou \u00ab notre \u00bb, nous faisons r\u00e9f\u00e9rence \u00e0 l\u2019\u00e9quipe administrative de Mensagens do Bem. Le portail pr\u00e9sente une grande diversit\u00e9 d\u2019informations, de services et de contenus, et l\u2019acc\u00e8s \u00e0 celui-ci implique l\u2019acceptation totale de nos termes, conditions et politiques.<\/p>\n<\/div><div class=\"mx-5 sm:mx-0 prose leading-relaxed text-lg mb-5 text-left wp-paragraph\">\n<p>Le site se distingue comme une source cruciale dans l&#039;espace num\u00e9rique, fournissant du contenu \u00e9ducatif et des critiques approfondies sur une vari\u00e9t\u00e9 de produits et services, y compris des anecdotes, des actualit\u00e9s, des conseils de sant\u00e9 et des divertissements provenant de sources locales et internationales.<\/p>\n<\/div><div class=\"mx-5 sm:mx-0 prose leading-relaxed text-lg mb-5 text-left wp-paragraph\">\n<p>Nous soulignons que l&#039;interaction avec ce site n\u00e9cessite l&#039;acceptation des conditions d&#039;utilisation et de la politique de confidentialit\u00e9, accessibles \u00e0 l&#039;adresse <a style=\" color:;\" href=\"https:\/\/mensagensdobem.com.br\/fr\/privacy\/\">https:\/\/mensagensdobem.com.br\/privacy\/<\/a>, conform\u00e9ment \u00e0 la l\u00e9gislation en vigueur.<\/p>\n<\/div><div class=\"mx-5 sm:mx-0 prose leading-relaxed text-lg mb-5 text-left wp-paragraph\">\n<p>Les Conditions G\u00e9n\u00e9rales d&#039;Utilisation sp\u00e9cifi\u00e9es ici visent \u00e0 clarifier les responsabilit\u00e9s, devoirs et droits de tous les utilisateurs qui explorent ou utilisent le site Web Mensagens do Brm, comme cela sera expliqu\u00e9 en d\u00e9tail.<\/p>\n<\/div><div class=\"mx-5 sm:mx-0 prose leading-relaxed text-lg mb-5 text-left wp-paragraph\">\n<p>Il est essentiel que vous examiniez attentivement les conditions d\u2019utilisation avant de continuer. Si vous n&#039;\u00eates pas d&#039;accord avec les conditions pr\u00e9sent\u00e9es, nous vous demandons de ne pas utiliser les services de Mensagens do Bem.<\/p>\n<\/div><!--advertisement--><div class=\"mx-5 sm:mx-0 sm:text-3xl text-2xl font-medium title-font mb-4 text-gray-900 text-left\">\n<h2 class=\"wp-block-heading\"><strong>Section I \u2013 Acc\u00e8s et utilisation de Mensagens do Bem<\/strong><\/h2>\n<\/div><div class=\"mx-5 sm:mx-0 prose leading-relaxed text-lg mb-5 text-left wp-paragraph\">\n<p>1.1 En naviguant et en interagissant avec le site Web Mensagens do Bem, vous, en tant qu&#039;utilisateur, acceptez de respecter les Conditions G\u00e9n\u00e9rales d&#039;Utilisation ainsi que la Politique de Confidentialit\u00e9 d\u00e9finies par le site Web.<\/p>\n<\/div><div class=\"mx-5 sm:mx-0 prose leading-relaxed text-lg mb-5 text-left wp-paragraph\">\n<p>1.2 En utilisant Mensagens do Bem, vous d\u00e9clarez que vous avez au moins 18 ans et que vous avez la capacit\u00e9 juridique d&#039;accepter et de respecter les pr\u00e9sentes Conditions G\u00e9n\u00e9rales d&#039;Utilisation.<\/p>\n<\/div><div class=\"mx-5 sm:mx-0 prose leading-relaxed text-lg mb-5 text-left wp-paragraph\">\n<p>1.3 Si vous ne remplissez pas les conditions d&#039;\u00e2ge ou de capacit\u00e9 juridique requises, ou si vous n&#039;\u00eates pas d&#039;accord avec les Conditions G\u00e9n\u00e9rales d&#039;Utilisation, vous devez vous abstenir d&#039;acc\u00e9der et d&#039;utiliser Mensagens do Bem, ainsi que tout autre site Web ou service associ\u00e9.<\/p>\n<\/div><!--advertisement--><div class=\"mx-5 sm:mx-0 sm:text-3xl text-2xl font-medium title-font mb-4 text-gray-900 text-left\">\n<h2 class=\"wp-block-heading\"><strong>Section II \u2013 Canaux de communication directe<\/strong><\/h2>\n<\/div><div class=\"mx-5 sm:mx-0 prose leading-relaxed text-lg mb-5 text-left wp-paragraph\">\n<p>2.1 Mensagens do Bem propose un service d&#039;assistance aux utilisateurs pour clarifier, r\u00e9soudre des probl\u00e8mes, enregistrer des r\u00e9clamations ou obtenir des informations suppl\u00e9mentaires sur les produits et services disponibles sur le site Web.<\/p>\n<\/div><div class=\"mx-5 sm:mx-0 prose leading-relaxed text-lg mb-5 text-left wp-paragraph\">\n<p>2.2 Pour nous contacter, les utilisateurs doivent remplir le formulaire disponible \u00e0 l&#039;adresse : <a style=\" color:;\" href=\"https:\/\/mensagensdobem.com.br\/fr\/contact\/\">https:\/\/mensagensdobem.com.br\/contact\/<\/a>.&nbsp;<\/p>\n<\/div><!--advertisement--><div class=\"mx-5 sm:mx-0 sm:text-3xl text-2xl font-medium title-font mb-4 text-gray-900 text-left\">\n<h2 class=\"wp-block-heading\"><strong>Section III \u2013 Obligations et responsabilit\u00e9s<\/strong><\/h2>\n<\/div><div class=\"mx-5 sm:mx-0 prose leading-relaxed text-lg mb-5 text-left wp-paragraph\">\n<p>3.1 Engagement envers les conditions g\u00e9n\u00e9rales et la politique de confidentialit\u00e9<\/p>\n<\/div><div class=\"mx-5 sm:mx-0 prose leading-relaxed text-lg mb-5 text-left wp-paragraph\">\n<p>En utilisant Mensagens do Bem, vous confirmez avoir lu, compris et accept\u00e9 tous les termes et conditions, ainsi que la politique de confidentialit\u00e9 du site Web.<\/p>\n<\/div><div class=\"mx-5 sm:mx-0 prose leading-relaxed text-lg mb-5 text-left wp-paragraph\">\n<p>3.2 Liens vers des sites tiers<\/p>\n<\/div><div class=\"mx-5 sm:mx-0 prose leading-relaxed text-lg mb-5 text-left wp-paragraph\">\n<p>Mensagens do Bem fournit des liens vers des sites Web externes, qui peuvent inclure des services ou des produits de partenaires. Ces liens sont fournis sans aucune gestion directe de Mensagens do Bem sur ces transactions.<\/p>\n<\/div><div class=\"mx-5 sm:mx-0 prose leading-relaxed text-lg mb-5 text-left wp-paragraph\">\n<p>3.3 Conditions du site partenaire<\/p>\n<\/div><div class=\"mx-5 sm:mx-0 prose leading-relaxed text-lg mb-5 text-left wp-paragraph\">\n<p>Lorsque vous acc\u00e9dez aux sites partenaires via Mensagens do Bem, vous devez accepter les conditions d&#039;utilisation et les politiques de confidentialit\u00e9 sp\u00e9cifiques \u00e0 ces sites externes.<\/p>\n<\/div><div class=\"mx-5 sm:mx-0 prose leading-relaxed text-lg mb-5 text-left wp-paragraph\">\n<p>3.4 Clause de non-responsabilit\u00e9 relative au contenu de tiers<\/p>\n<\/div><div class=\"mx-5 sm:mx-0 prose leading-relaxed text-lg mb-5 text-left wp-paragraph\">\n<p>Mensagens do Bem n&#039;est pas responsable des informations, des conditions ou des politiques des produits et services tiers, ni des transactions effectu\u00e9es avec ces entit\u00e9s.<\/p>\n<\/div><div class=\"mx-5 sm:mx-0 prose leading-relaxed text-lg mb-5 text-left wp-paragraph\">\n<p>3.5 Protection contre les logiciels malveillants<\/p>\n<\/div><div class=\"mx-5 sm:mx-0 prose leading-relaxed text-lg mb-5 text-left wp-paragraph\">\n<p>Mensagens do Bem n&#039;est pas responsable des dommages caus\u00e9s par des virus ou autres logiciels malveillants qui pourraient \u00eatre contract\u00e9s lors de la navigation. Il est recommand\u00e9 d&#039;utiliser un logiciel de s\u00e9curit\u00e9 \u00e0 jour.<\/p>\n<\/div><div class=\"mx-5 sm:mx-0 prose leading-relaxed text-lg mb-5 text-left wp-paragraph\">\n<p>3.6 Limitation de responsabilit\u00e9<\/p>\n<\/div><div class=\"mx-5 sm:mx-0 prose leading-relaxed text-lg mb-5 text-left wp-paragraph\">\n<p>Mensagens do Bem n&#039;est pas responsable des dommages r\u00e9sultant d&#039;une mauvaise utilisation du site Web ou de situations de force majeure.<\/p>\n<\/div><div class=\"mx-5 sm:mx-0 prose leading-relaxed text-lg mb-5 text-left wp-paragraph\">\n<p>3.7 Transactions financi\u00e8res<\/p>\n<\/div><div class=\"mx-5 sm:mx-0 prose leading-relaxed text-lg mb-5 text-left wp-paragraph\">\n<p>Mensagens do Bem ne demande pas de paiements, de d\u00e9p\u00f4ts ou de virements bancaires pour la lib\u00e9ration de produits financiers.<\/p>\n<\/div><div class=\"mx-5 sm:mx-0 prose leading-relaxed text-lg mb-5 text-left wp-paragraph\">\n<p>3.8 Alertes de s\u00e9curit\u00e9<\/p>\n<\/div><div class=\"mx-5 sm:mx-0 prose leading-relaxed text-lg mb-5 text-left wp-paragraph\">\n<p>Nous n&#039;envoyons pas d&#039;e-mails demandant des informations personnelles, des inscriptions ou avec des pi\u00e8ces jointes ex\u00e9cutables. Si vous recevez de tels e-mails, veuillez les signaler via notre formulaire de contact \u00e0 l&#039;adresse <a style=\" color:;\" href=\"https:\/\/mensagensdobem.com.br\/fr\/contact\/\">https:\/\/mensagensdobem.com.br\/contact\/<\/a>.&nbsp;<\/p>\n<\/div><!--advertisement--><div class=\"mx-5 sm:mx-0 sm:text-3xl text-2xl font-medium title-font mb-4 text-gray-900 text-left\">\n<h2 class=\"wp-block-heading\"><strong>Section IV \u2013 Lignes directrices et restrictions de conduite<\/strong><\/h2>\n<\/div><div class=\"mx-5 sm:mx-0 prose leading-relaxed text-lg mb-5 text-left wp-paragraph\">\n<p>Les conditions d&#039;utilisation de Mensagens do Bem \u00e9tablissent des r\u00e8gles claires sur l&#039;interaction appropri\u00e9e avec notre site Web et le contenu disponible. Il est strictement interdit :<\/p>\n<\/div><div class=\"mx-5 sm:mx-0 prose text-left mb-5\">\n<ul><div class=\"mx-5 sm:mx-0 prose text-left mb-5\">\n<li>Utiliser le site Web pour promouvoir, r\u00e9aliser ou soutenir des activit\u00e9s ill\u00e9gales, violant ainsi les lois et r\u00e9glementations en vigueur, tant au niveau local qu&#039;international.<\/li>\n<\/div>\n\n<div class=\"mx-5 sm:mx-0 prose text-left mb-5\">\n<li>Violer toute loi ou r\u00e9glementation \u00e0 quelque niveau que ce soit, qu&#039;il soit local, \u00e9tatique, national ou international, par interaction avec notre site Web.<\/li>\n<\/div>\n\n<div class=\"mx-5 sm:mx-0 prose text-left mb-5\">\n<li>Violer les droits de propri\u00e9t\u00e9 intellectuelle, qu&#039;il s&#039;agisse de mat\u00e9riels appartenant \u00e0 Mensagens do Bem ou \u00e0 des tiers, par l&#039;utilisation non autoris\u00e9e du contenu.<\/li>\n<\/div>\n\n<div class=\"mx-5 sm:mx-0 prose text-left mb-5\">\n<li>Adopter des comportements tels que le harc\u00e8lement, les abus, la diffamation ou la discrimination \u00e0 l\u2019encontre d\u2019individus ou de groupes sur la base d\u2019attributs prot\u00e9g\u00e9s par la loi.<\/li>\n<\/div>\n\n<div class=\"mx-5 sm:mx-0 prose text-left mb-5\">\n<li>Diffuser d\u00e9lib\u00e9r\u00e9ment des informations fausses ou trompeuses, portant atteinte \u00e0 la fiabilit\u00e9 et \u00e0 l\u2019int\u00e9grit\u00e9 du contenu propos\u00e9 sur le site.<\/li>\n<\/div>\n\n<div class=\"mx-5 sm:mx-0 prose text-left mb-5\">\n<li>Propager des virus ou d\u2019autres codes malveillants susceptibles de compromettre la s\u00e9curit\u00e9 de notre service, d\u2019autres sites Web li\u00e9s ou de l\u2019infrastructure Internet.<\/li>\n<\/div>\n\n<div class=\"mx-5 sm:mx-0 prose text-left mb-5\">\n<li>Collecter ou surveiller les informations personnelles d\u2019autres utilisateurs sans obtenir un consentement clair et expr\u00e8s, violant ainsi la vie priv\u00e9e d\u2019autrui.<\/li>\n<\/div>\n\n<div class=\"mx-5 sm:mx-0 prose text-left mb-5\">\n<li>Effectuer des activit\u00e9s telles que le spam, le phishing, le pharming, le pr\u00e9texting, ainsi que des techniques de spidering, de crawling ou de scraping, qui compromettent la fonctionnalit\u00e9 du site Web.<\/li>\n<\/div>\n\n<div class=\"mx-5 sm:mx-0 prose text-left mb-5\">\n<li>Utiliser le site Web pour diffuser du contenu obsc\u00e8ne ou de nature douteuse, contraire aux normes \u00e9thiques et morales.<\/li>\n<\/div>\n\n<div class=\"mx-5 sm:mx-0 prose text-left mb-5\">\n<li>Tenter de contourner, d\u00e9sactiver ou compromettre de toute autre mani\u00e8re les mesures de s\u00e9curit\u00e9 mises en \u0153uvre par Mensagens do Bem ou les entit\u00e9s associ\u00e9es.<\/li>\n<\/div><\/ul>\n<\/div><div class=\"mx-5 sm:mx-0 prose leading-relaxed text-lg mb-5 text-left wp-paragraph\">\n<p>Nous nous r\u00e9servons le droit de r\u00e9silier ou de suspendre votre acc\u00e8s \u00e0 nos services et sites Web associ\u00e9s si vous violez ces directives.<\/p>\n<\/div><!--advertisement--><div class=\"mx-5 sm:mx-0 sm:text-3xl text-2xl font-medium title-font mb-4 text-gray-900 text-left\">\n<h2 class=\"wp-block-heading\"><strong>Section V \u2013 Conditions de garantie et limitations de responsabilit\u00e9<\/strong><\/h2>\n<\/div><div class=\"mx-5 sm:mx-0 prose leading-relaxed text-lg mb-5 text-left wp-paragraph\">\n<p>L&#039;acc\u00e8s \u00e0 notre service peut \u00eatre instable et nous ne garantissons pas qu&#039;il soit totalement s\u00e9curis\u00e9 ou sans erreur. Nous ne garantissons pas non plus l&#039;exactitude ou la fiabilit\u00e9 des r\u00e9sultats obtenus \u00e0 partir de l&#039;utilisation du service, qui peut \u00eatre suspendu ou interrompu sans pr\u00e9avis.<\/p>\n<\/div><div class=\"mx-5 sm:mx-0 prose leading-relaxed text-lg mb-5 text-left wp-paragraph\">\n<p>Vous reconnaissez et acceptez que toute responsabilit\u00e9 relative \u00e0 l\u2019utilisation ou \u00e0 l\u2019impossibilit\u00e9 d\u2019utiliser le service vous incombe uniquement. Le Service est fourni \u00ab tel quel \u00bb et \u00ab tel que disponible \u00bb sans aucune garantie, expresse ou implicite.<\/p>\n<\/div><div class=\"mx-5 sm:mx-0 prose leading-relaxed text-lg mb-5 text-left wp-paragraph\">\n<p>Mensagens do Bem et ses repr\u00e9sentants ne sont pas responsables des dommages, pertes ou r\u00e9clamations pouvant r\u00e9sulter de l&#039;utilisation du service, y compris, mais sans s&#039;y limiter, la perte de b\u00e9n\u00e9fices, de donn\u00e9es ou d&#039;autres pertes intangibles r\u00e9sultant de l&#039;utilisation de tout service ou produit fourni par Mensagens do Bem.<\/p>\n<\/div><div class=\"mx-5 sm:mx-0 prose leading-relaxed text-lg mb-5 text-left wp-paragraph\">\n<p>Dans les juridictions qui n\u2019autorisent pas l\u2019exclusion ou la limitation de responsabilit\u00e9 pour les dommages indirects ou accessoires, notre responsabilit\u00e9 sera limit\u00e9e dans la mesure maximale autoris\u00e9e par la loi applicable.<\/p>\n<\/div><!--advertisement--><div class=\"mx-5 sm:mx-0 sm:text-3xl text-2xl font-medium title-font mb-4 text-gray-900 text-left\">\n<h2 class=\"wp-block-heading\"><strong>Section VI \u2013 Validit\u00e9 et dur\u00e9e l\u00e9gale<\/strong><\/h2>\n<\/div><div class=\"mx-5 sm:mx-0 prose leading-relaxed text-lg mb-5 text-left wp-paragraph\">\n<p>6.1 Dur\u00e9e des conditions<\/p>\n<\/div><div class=\"mx-5 sm:mx-0 prose leading-relaxed text-lg mb-5 text-left wp-paragraph\">\n<p>Les Conditions G\u00e9n\u00e9rales d&#039;Utilisation de Mensagens do Bem resteront en vigueur ind\u00e9finiment, jusqu&#039;\u00e0 ce qu&#039;elles soient modifi\u00e9es ou r\u00e9voqu\u00e9es par une nouvelle notification.<\/p>\n<\/div><div class=\"mx-5 sm:mx-0 prose leading-relaxed text-lg mb-5 text-left wp-paragraph\">\n<p>6.2 D\u00e9lai de prescription pour les actions en justice<\/p>\n<\/div><div class=\"mx-5 sm:mx-0 prose leading-relaxed text-lg mb-5 text-left wp-paragraph\">\n<p>Toute action judiciaire ou proc\u00e9dure administrative li\u00e9e \u00e0 l&#039;utilisation de Mensagens do Bem, telle que stipul\u00e9e dans les pr\u00e9sentes Conditions d&#039;Utilisation ou dans la Politique de Confidentialit\u00e9, doit \u00eatre initi\u00e9e dans un d\u00e9lai maximum de 90 jours apr\u00e8s l&#039;\u00e9v\u00e9nement qui a motiv\u00e9 cette action.<\/p>\n<\/div><!--advertisement--><div class=\"mx-5 sm:mx-0 sm:text-3xl text-2xl font-medium title-font mb-4 text-gray-900 text-left\">\n<h2 class=\"wp-block-heading\"><strong>Section VII \u2013 L\u00e9gislation et juridiction en vigueur<\/strong><\/h2>\n<\/div><div class=\"mx-5 sm:mx-0 prose leading-relaxed text-lg mb-5 text-left wp-paragraph\">\n<p>Les conditions g\u00e9n\u00e9rales d&#039;utilisation et la politique de confidentialit\u00e9 du site Web sont r\u00e9gies par les lois de la R\u00e9publique f\u00e9d\u00e9rative du Br\u00e9sil. Cela comprend le respect de la Constitution f\u00e9d\u00e9rale, du Code civil, du Code de protection des consommateurs, du Cadre civil de l&#039;Internet et de la Loi g\u00e9n\u00e9rale sur la protection des donn\u00e9es personnelles.<\/p>\n<\/div><!--advertisement--><div class=\"mx-5 sm:mx-0 sm:text-3xl text-2xl font-medium title-font mb-4 text-gray-900 text-left\">\n<h2 class=\"wp-block-heading\"><strong>Section VIII \u2013 Propri\u00e9t\u00e9 intellectuelle et limitations de responsabilit\u00e9<\/strong><\/h2>\n<\/div><div class=\"mx-5 sm:mx-0 prose leading-relaxed text-lg mb-5 text-left wp-paragraph\">\n<p>8.1 Protection de la propri\u00e9t\u00e9 intellectuelle<\/p>\n<\/div><div class=\"mx-5 sm:mx-0 prose leading-relaxed text-lg mb-5 text-left wp-paragraph\">\n<p>Tout le contenu disponible sur Mensagens do Bem, y compris celui fourni par le site Web et ses partenaires, est prot\u00e9g\u00e9 par les lois sur le droit d&#039;auteur et la propri\u00e9t\u00e9 intellectuelle. Il est interdit de reproduire, modifier, distribuer, afficher ou cr\u00e9er des \u0153uvres d\u00e9riv\u00e9es de ces documents sans l&#039;autorisation \u00e9crite expresse de Mensagens do Bem.<\/p>\n<\/div><div class=\"mx-5 sm:mx-0 prose leading-relaxed text-lg mb-5 text-left wp-paragraph\">\n<p>8.2 Clause de non-responsabilit\u00e9<\/p>\n<\/div><div class=\"mx-5 sm:mx-0 prose leading-relaxed text-lg mb-5 text-left wp-paragraph\">\n<p>Mensagens do Bem n&#039;est pas responsable du contenu g\u00e9n\u00e9r\u00e9 par les utilisateurs, tels que les commentaires sur les forums ou les r\u00e9seaux sociaux, ainsi que de tout dommage direct ou indirect pouvant r\u00e9sulter de l&#039;utilisation du site Web.<\/p>\n<\/div><div class=\"mx-5 sm:mx-0 prose leading-relaxed text-lg mb-5 text-left wp-paragraph\">\n<p>8.3 Gestion des violations<\/p>\n<\/div><div class=\"mx-5 sm:mx-0 prose leading-relaxed text-lg mb-5 text-left wp-paragraph\">\n<p>Mensagens do Bem se r\u00e9serve le droit de supprimer tout contenu qui viole ces conditions, en particulier ceux qui sont ill\u00e9gaux, offensants, diffamatoires ou qui violent les droits de tiers. Mensagens do Bem peut \u00e9galement d\u00e9sactiver les comptes des utilisateurs qui ne respectent pas les conditions stipul\u00e9es.<\/p>\n<\/div><!--advertisement--><div class=\"mx-5 sm:mx-0 sm:text-3xl text-2xl font-medium title-font mb-4 text-gray-900 text-left\">\n<h2 class=\"wp-block-heading\"><strong>Section IX \u2013 Modifications des conditions g\u00e9n\u00e9rales<\/strong><\/h2>\n<\/div><div class=\"mx-5 sm:mx-0 prose leading-relaxed text-lg mb-5 text-left wp-paragraph\">\n<p>Mensagens do Bem se r\u00e9serve le droit de modifier, suspendre ou interrompre tout aspect de ses services \u00e0 tout moment, sans obligation de notification pr\u00e9alable. Dans ces circonstances, il n\u2019est pas n\u00e9cessaire de fournir des explications aux utilisateurs ou aux tiers sur les modifications apport\u00e9es.<\/p>\n<\/div><div class=\"mx-5 sm:mx-0 prose leading-relaxed text-lg mb-5 text-left wp-paragraph\">\n<p>L&#039;utilisation continue du site Web apr\u00e8s de telles modifications constitue une acceptation tacite des Conditions G\u00e9n\u00e9rales modifi\u00e9es. Si vous n\u2019\u00eates pas d\u2019accord avec les modifications propos\u00e9es, il est recommand\u00e9 de cesser d\u2019utiliser le site Web.<\/p>\n<\/div><!--advertisement--><div class=\"mx-5 sm:mx-0 sm:text-3xl text-2xl font-medium title-font mb-4 text-gray-900 text-left\">\n<h2 class=\"wp-block-heading\"><strong>Section X \u2013 Contact avec les messages de bien<\/strong><\/h2>\n<\/div><div class=\"mx-5 sm:mx-0 prose leading-relaxed text-lg mb-5 text-left wp-paragraph\">\n<p>Pour toute question ou suggestion concernant nos services, nous vous encourageons \u00e0 contacter notre \u00e9quipe de support client. Visite <a style=\" color:;\" href=\"https:\/\/mensagensdobem.com.br\/fr\/contact\/\">https:\/\/mensagensdobem.com.br\/contact\/<\/a> et remplissez le formulaire pour envoyer votre message efficacement et directement.<\/p>\n<\/div>","protected":false},"excerpt":{"rendered":"<p>Mis \u00e0 jour le 29 novembre 2024. Mensagens do Bem est l&#039;entit\u00e9 gestionnaire de son propre site Web, accessible via le lien https:\/\/mensagensdobem.com.br. Lorsque nous disons \u00ab nous \u00bb ou \u00ab notre \u00bb, nous faisons r\u00e9f\u00e9rence \u00e0 l\u2019\u00e9quipe administrative de Mensagens do Bem. Le portail offre une riche diversit\u00e9 d\u2019informations, de services et de contenus, et y acc\u00e9der implique\u2026 <a class=\"more-link\" href=\"https:\/\/mensagensdobem.com.br\/fr\/terms\/\">Continuer \u00e0 lire <span class=\"screen-reader-text\">Conditions d&#039;utilisation \u2013 Messages de bien<\/span><\/a><\/p>","protected":false},"author":18,"featured_media":0,"parent":0,"menu_order":0,"comment_status":"closed","ping_status":"closed","template":"","meta":{"footnotes":""},"yoast_head":"<!-- This site is optimized with the Yoast SEO plugin v23.3 - https:\/\/yoast.com\/wordpress\/plugins\/seo\/ -->\n<title>Termos de Uso - Mensagens do Bem - MDB<\/title>\n<meta name=\"robots\" content=\"index, follow, max-snippet:-1, max-image-preview:large, max-video-preview:-1\" \/>\n<link rel=\"canonical\" href=\"https:\/\/mensagensdobem.com.br\/fr\/terms\/\" \/>\n<meta property=\"og:locale\" content=\"fr_FR\" \/>\n<meta property=\"og:type\" content=\"article\" \/>\n<meta property=\"og:title\" content=\"Termos de Uso - Mensagens do Bem - MDB\" \/>\n<meta property=\"og:description\" content=\"Atualizado em 29 de novembro de 2024. O Mensagens do Bem \u00e9 o ente gestor do seu pr\u00f3prio site, que pode ser acessado atrav\u00e9s do link https:\/\/mensagensdobem.com.br. Quando falamos \u201cn\u00f3s\u201d ou \u201cnosso\u201d, referimo-nos \u00e0 equipe administrativa do Mensagens do Bem. O portal apresenta uma rica diversidade de informa\u00e7\u00f5es, servi\u00e7os e conte\u00fados, e acess\u00e1-lo implica em&hellip; Continue reading Termos de Uso &#8211; Mensagens do Bem\" \/>\n<meta property=\"og:url\" content=\"https:\/\/mensagensdobem.com.br\/fr\/terms\/\" \/>\n<meta property=\"og:site_name\" content=\"MDB\" \/>\n<meta property=\"article:modified_time\" content=\"2024-11-29T12:28:09+00:00\" \/>\n<meta name=\"twitter:card\" content=\"summary_large_image\" \/>\n<meta name=\"twitter:label1\" content=\"Est. reading time\" \/>\n\t<meta name=\"twitter:data1\" content=\"9 minutes\" \/>\n<script type=\"application\/ld+json\" class=\"yoast-schema-graph\">{\"@context\":\"https:\/\/schema.org\",\"@graph\":[{\"@type\":\"WebPage\",\"@id\":\"https:\/\/mensagensdobem.com.br\/terms\/\",\"url\":\"https:\/\/mensagensdobem.com.br\/terms\/\",\"name\":\"Termos de Uso - Mensagens do Bem - MDB\",\"isPartOf\":{\"@id\":\"https:\/\/mensagensdobem.com.br\/#website\"},\"datePublished\":\"2024-11-29T12:28:08+00:00\",\"dateModified\":\"2024-11-29T12:28:09+00:00\",\"breadcrumb\":{\"@id\":\"https:\/\/mensagensdobem.com.br\/terms\/#breadcrumb\"},\"inLanguage\":\"fr-FR\",\"potentialAction\":[{\"@type\":\"ReadAction\",\"target\":[\"https:\/\/mensagensdobem.com.br\/terms\/\"]}]},{\"@type\":\"BreadcrumbList\",\"@id\":\"https:\/\/mensagensdobem.com.br\/terms\/#breadcrumb\",\"itemListElement\":[{\"@type\":\"ListItem\",\"position\":1,\"name\":\"Home\",\"item\":\"https:\/\/mensagensdobem.com.br\/\"},{\"@type\":\"ListItem\",\"position\":2,\"name\":\"Termos de Uso &#8211; Mensagens do Bem\"}]},{\"@type\":\"WebSite\",\"@id\":\"https:\/\/mensagensdobem.com.br\/#website\",\"url\":\"https:\/\/mensagensdobem.com.br\/\",\"name\":\"MDB\",\"description\":\"\",\"potentialAction\":[{\"@type\":\"SearchAction\",\"target\":{\"@type\":\"EntryPoint\",\"urlTemplate\":\"https:\/\/mensagensdobem.com.br\/?s={search_term_string}\"},\"query-input\":\"required name=search_term_string\"}],\"inLanguage\":\"fr-FR\"}]}<\/script>\n<!-- \/ Yoast SEO plugin. -->","yoast_head_json":{"title":"Termos de Uso - Mensagens do Bem - MDB","robots":{"index":"index","follow":"follow","max-snippet":"max-snippet:-1","max-image-preview":"max-image-preview:large","max-video-preview":"max-video-preview:-1"},"canonical":"https:\/\/mensagensdobem.com.br\/fr\/terms\/","og_locale":"fr_FR","og_type":"article","og_title":"Termos de Uso - Mensagens do Bem - MDB","og_description":"Atualizado em 29 de novembro de 2024. O Mensagens do Bem \u00e9 o ente gestor do seu pr\u00f3prio site, que pode ser acessado atrav\u00e9s do link https:\/\/mensagensdobem.com.br. Quando falamos \u201cn\u00f3s\u201d ou \u201cnosso\u201d, referimo-nos \u00e0 equipe administrativa do Mensagens do Bem. O portal apresenta uma rica diversidade de informa\u00e7\u00f5es, servi\u00e7os e conte\u00fados, e acess\u00e1-lo implica em&hellip; Continue reading Termos de Uso &#8211; Mensagens do Bem","og_url":"https:\/\/mensagensdobem.com.br\/fr\/terms\/","og_site_name":"MDB","article_modified_time":"2024-11-29T12:28:09+00:00","twitter_card":"summary_large_image","twitter_misc":{"Est. reading time":"9 minutes"},"schema":{"@context":"https:\/\/schema.org","@graph":[{"@type":"WebPage","@id":"https:\/\/mensagensdobem.com.br\/terms\/","url":"https:\/\/mensagensdobem.com.br\/terms\/","name":"Termos de Uso - Mensagens do Bem - MDB","isPartOf":{"@id":"https:\/\/mensagensdobem.com.br\/#website"},"datePublished":"2024-11-29T12:28:08+00:00","dateModified":"2024-11-29T12:28:09+00:00","breadcrumb":{"@id":"https:\/\/mensagensdobem.com.br\/terms\/#breadcrumb"},"inLanguage":"fr-FR","potentialAction":[{"@type":"ReadAction","target":["https:\/\/mensagensdobem.com.br\/terms\/"]}]},{"@type":"BreadcrumbList","@id":"https:\/\/mensagensdobem.com.br\/terms\/#breadcrumb","itemListElement":[{"@type":"ListItem","position":1,"name":"Home","item":"https:\/\/mensagensdobem.com.br\/"},{"@type":"ListItem","position":2,"name":"Termos de Uso &#8211; Mensagens do Bem"}]},{"@type":"WebSite","@id":"https:\/\/mensagensdobem.com.br\/#website","url":"https:\/\/mensagensdobem.com.br\/","name":"MDB","description":"","potentialAction":[{"@type":"SearchAction","target":{"@type":"EntryPoint","urlTemplate":"https:\/\/mensagensdobem.com.br\/?s={search_term_string}"},"query-input":"required name=search_term_string"}],"inLanguage":"fr-FR"}]}},"_links":{"self":[{"href":"https:\/\/mensagensdobem.com.br\/fr\/wp-json\/wp\/v2\/pages\/125"}],"collection":[{"href":"https:\/\/mensagensdobem.com.br\/fr\/wp-json\/wp\/v2\/pages"}],"about":[{"href":"https:\/\/mensagensdobem.com.br\/fr\/wp-json\/wp\/v2\/types\/page"}],"author":[{"embeddable":true,"href":"https:\/\/mensagensdobem.com.br\/fr\/wp-json\/wp\/v2\/users\/18"}],"replies":[{"embeddable":true,"href":"https:\/\/mensagensdobem.com.br\/fr\/wp-json\/wp\/v2\/comments?post=125"}],"version-history":[{"count":1,"href":"https:\/\/mensagensdobem.com.br\/fr\/wp-json\/wp\/v2\/pages\/125\/revisions"}],"predecessor-version":[{"id":126,"href":"https:\/\/mensagensdobem.com.br\/fr\/wp-json\/wp\/v2\/pages\/125\/revisions\/126"}],"wp:attachment":[{"href":"https:\/\/mensagensdobem.com.br\/fr\/wp-json\/wp\/v2\/media?parent=125"}],"curies":[{"name":"wp","href":"https:\/\/api.w.org\/{rel}","templated":true}]}}